{"id":711,"date":"2026-07-07T11:52:42","date_gmt":"2026-07-07T09:52:42","guid":{"rendered":"http:\/\/127.0.0.1\/www.audireroma.it\/?page_id=711"},"modified":"2026-08-13T13:59:44","modified_gmt":"2026-08-13T11:59:44","slug":"chi-siamo","status":"publish","type":"page","link":"https:\/\/staging.crmcosmo.com\/audire\/chi-siamo\/","title":{"rendered":"Chi Siamo"},"content":{"rendered":"<section class=\"audire-team-section\">\n  <div class=\"audire-team-container\">\n    <div class=\"audire-team-header\">\n      <span class=\"audire-team-badge\">\ud83d\udc65 Il Nostro Team di Esperti dell\u2019Udito<\/span>\n      <h2 class=\"audire-team-title\">Professionisti al servizio del tuo benessere uditivo<\/h2>\n      <p class=\"audire-team-intro\">Un gruppo di audioprotesisti e specialisti con decenni di esperienza clinica a Roma e nel Lazio.<\/p>\n    <\/div>\n\n    <!-- Founder Card -->\n    <div class=\"audire-founder-card\">\n      <!-- Colonna sinistra: testo -->\n      <div class=\"audire-founder-left\">\n        <div class=\"audire-founder-badge-wrapper\">\n          <span class=\"audire-founder-tag\">Fondatore Audire \u2022 Laureato in Scienze Audioprotesiche (2002)<\/span>\n        <\/div>\n        <h3 class=\"audire-founder-name\">Alessandro Melone<\/h3>\n        <p class=\"audire-founder-role\">Fondatore Audire<\/p>\n        <div class=\"audire-founder-bio\">\n          <p>Sono Alessandro Melone e ho oltre 25 anni di esperienza nel settore audioprotesico.<br \/>\nHo conseguito nel 2002 la laurea in Scienze Audioprotesiche e, dopo un\u2019importante esperienza manageriale in Amplifon, ho deciso di fondare Audire: un\u2019azienda che rispecchiasse i miei valori e che aiutasse le persone con perdita uditiva a tornare ad ascoltare e vivere ogni momento con pi\u00f9 serenit\u00e0 e gioia.<br \/>\nHo scelto con attenzione i professionisti che oggi fanno parte del mio team, con cui condivido un percorso in continua evoluzione, guidato da un\u2019unica missione: offrire soluzioni uditive su misura e aiutare ogni paziente a migliorare il proprio ascolto in modo naturale e personalizzato.<br \/>\nOra vi presento il mio Team, di cui sono molto orgoglioso e che \u00e8 a vostra disposizione per iniziare insieme un percorso pensato per ritrovare il piacere di sentire.<\/p>\n        <\/div>\n      <\/div>\n      <!-- Colonna destra: foto alta -->\n            <div class=\"audire-founder-image-wrap\">\n        <img loading=\"lazy\" decoding=\"async\" width=\"607\" height=\"401\" src=\"https:\/\/staging.crmcosmo.com\/audire\/wp-content\/uploads\/2026\/08\/Schermata-del-2026-07-07-16-47-12.png\" class=\"img-fluid\" alt=\"\" srcset=\"https:\/\/staging.crmcosmo.com\/audire\/wp-content\/uploads\/2026\/08\/Schermata-del-2026-07-07-16-47-12.png 607w, https:\/\/staging.crmcosmo.com\/audire\/wp-content\/uploads\/2026\/08\/Schermata-del-2026-07-07-16-47-12-300x198.png 300w\" sizes=\"auto, (max-width: 607px) 100vw, 607px\" \/>      <\/div>\n          <\/div>\n\n    <!-- Team Members Grid -->\n    <div class=\"audire-team-grid-wrapper\">\n      <div class=\"audire-team-grid\">\n                  <div class=\"audire-team-card\">\n            <!-- Cover a piena larghezza, tocca i bordi superiori della card -->\n                        <div class=\"audire-card-cover-wrap\">\n              <img loading=\"lazy\" decoding=\"async\" width=\"772\" height=\"513\" src=\"https:\/\/staging.crmcosmo.com\/audire\/wp-content\/uploads\/2026\/07\/Schermata-del-2026-07-08-10-02-10.png\" class=\"img-fluid\" alt=\"\" srcset=\"https:\/\/staging.crmcosmo.com\/audire\/wp-content\/uploads\/2026\/07\/Schermata-del-2026-07-08-10-02-10.png 772w, https:\/\/staging.crmcosmo.com\/audire\/wp-content\/uploads\/2026\/07\/Schermata-del-2026-07-08-10-02-10-300x199.png 300w, https:\/\/staging.crmcosmo.com\/audire\/wp-content\/uploads\/2026\/07\/Schermata-del-2026-07-08-10-02-10-768x510.png 768w\" sizes=\"auto, (max-width: 772px) 100vw, 772px\" \/>            <\/div>\n                        <!-- Contenuto con padding -->\n            <div class=\"audire-card-body\">\n              <div class=\"audire-card-top\">\n                <span class=\"audire-card-location\">\ud83d\udccd Monteverde<\/span>\n                <span class=\"audire-card-role\">Audioprotesista<\/span>\n              <\/div>\n              <h4 class=\"audire-card-name\">Diamante Vallifuoco<\/h4>\n              <div class=\"audire-card-bio\">\n                <p>Sono l\u2019audioprotesista della filiale di Monteverde e ho scelto questa professione con una forte vocazione: prendermi cura delle persone.<br \/>\nIl mio obiettivo \u00e8 trasmettere fiducia e accompagnare ogni paziente in un percorso di riabilitazione uditiva sereno e personalizzato.<br \/>\nCredo profondamente che tornare a sentire significhi ritrovare la propria voce e una migliore qualit\u00e0 di vita.<\/p>\n              <\/div>\n              <!-- <div class=\"audire-card-footer\">\n                <a href=\"#prenota\" class=\"audire-card-cta\">Prenota visita \u2192<\/a>\n              <\/div> -->\n            <\/div>\n          <\/div>\n                  <div class=\"audire-team-card\">\n            <!-- Cover a piena larghezza, tocca i bordi superiori della card -->\n                        <div class=\"audire-card-cover-wrap\">\n              <img loading=\"lazy\" decoding=\"async\" width=\"772\" height=\"513\" src=\"https:\/\/staging.crmcosmo.com\/audire\/wp-content\/uploads\/2026\/07\/Schermata-del-2026-07-08-10-02-36.png\" class=\"img-fluid\" alt=\"\" srcset=\"https:\/\/staging.crmcosmo.com\/audire\/wp-content\/uploads\/2026\/07\/Schermata-del-2026-07-08-10-02-36.png 772w, https:\/\/staging.crmcosmo.com\/audire\/wp-content\/uploads\/2026\/07\/Schermata-del-2026-07-08-10-02-36-300x199.png 300w, https:\/\/staging.crmcosmo.com\/audire\/wp-content\/uploads\/2026\/07\/Schermata-del-2026-07-08-10-02-36-768x510.png 768w\" sizes=\"auto, (max-width: 772px) 100vw, 772px\" \/>            <\/div>\n                        <!-- Contenuto con padding -->\n            <div class=\"audire-card-body\">\n              <div class=\"audire-card-top\">\n                <span class=\"audire-card-location\">\ud83d\udccd Monteverde e Colleferro<\/span>\n                <span class=\"audire-card-role\">Audioprotesista<\/span>\n              <\/div>\n              <h4 class=\"audire-card-name\">Claudia Fusco<\/h4>\n              <div class=\"audire-card-bio\">\n                <p>Lavoro come audioprotesista nelle filiali di Monteverde e Colleferro e coltivo ogni giorno la mia passione attraverso lo studio e l\u2019aggiornamento sulle pi\u00f9 moderne tecniche per l\u2019udito.<br \/>\nMetto grande attenzione nell\u2019ascolto e nel dialogo, non solo con il paziente ma anche con chi lo accompagna, per individuare insieme la migliore soluzione acustica personalizzata.<\/p>\n              <\/div>\n              <!-- <div class=\"audire-card-footer\">\n                <a href=\"#prenota\" class=\"audire-card-cta\">Prenota visita \u2192<\/a>\n              <\/div> -->\n            <\/div>\n          <\/div>\n                  <div class=\"audire-team-card\">\n            <!-- Cover a piena larghezza, tocca i bordi superiori della card -->\n                        <div class=\"audire-card-cover-wrap\">\n              <img loading=\"lazy\" decoding=\"async\" width=\"557\" height=\"346\" src=\"https:\/\/staging.crmcosmo.com\/audire\/wp-content\/uploads\/2026\/07\/Schermata-del-2026-07-08-10-00-36.png\" class=\"img-fluid\" alt=\"\" srcset=\"https:\/\/staging.crmcosmo.com\/audire\/wp-content\/uploads\/2026\/07\/Schermata-del-2026-07-08-10-00-36.png 557w, https:\/\/staging.crmcosmo.com\/audire\/wp-content\/uploads\/2026\/07\/Schermata-del-2026-07-08-10-00-36-300x186.png 300w\" sizes=\"auto, (max-width: 557px) 100vw, 557px\" \/>            <\/div>\n                        <!-- Contenuto con padding -->\n            <div class=\"audire-card-body\">\n              <div class=\"audire-card-top\">\n                <span class=\"audire-card-location\">\ud83d\udccd Monteverde<\/span>\n                <span class=\"audire-card-role\">Relazioni Esterne<\/span>\n              <\/div>\n              <h4 class=\"audire-card-name\">Valentina Simone<\/h4>\n              <div class=\"audire-card-bio\">\n                <p>Mi occupo delle relazioni esterne nella filiale di Monteverde.<br \/>\nLa mia passione \u00e8 ascoltare le persone, comprenderne i bisogni e farle sentire a proprio agio, perch\u00e9 quando si parla di benessere uditivo, la fiducia \u00e8 il punto di partenza.<\/p>\n              <\/div>\n              <!-- <div class=\"audire-card-footer\">\n                <a href=\"#prenota\" class=\"audire-card-cta\">Prenota visita \u2192<\/a>\n              <\/div> -->\n            <\/div>\n          <\/div>\n                  <div class=\"audire-team-card\">\n            <!-- Cover a piena larghezza, tocca i bordi superiori della card -->\n                        <div class=\"audire-card-cover-wrap\">\n              <img loading=\"lazy\" decoding=\"async\" width=\"679\" height=\"435\" src=\"https:\/\/staging.crmcosmo.com\/audire\/wp-content\/uploads\/2026\/07\/Schermata-del-2026-07-08-10-01-19.png\" class=\"img-fluid\" alt=\"\" srcset=\"https:\/\/staging.crmcosmo.com\/audire\/wp-content\/uploads\/2026\/07\/Schermata-del-2026-07-08-10-01-19.png 679w, https:\/\/staging.crmcosmo.com\/audire\/wp-content\/uploads\/2026\/07\/Schermata-del-2026-07-08-10-01-19-300x192.png 300w\" sizes=\"auto, (max-width: 679px) 100vw, 679px\" \/>            <\/div>\n                        <!-- Contenuto con padding -->\n            <div class=\"audire-card-body\">\n              <div class=\"audire-card-top\">\n                <span class=\"audire-card-location\">\ud83d\udccd Balduina<\/span>\n                <span class=\"audire-card-role\">Audioprotesista Responsabile<\/span>\n              <\/div>\n              <h4 class=\"audire-card-name\">Sergio Chiesi<\/h4>\n              <div class=\"audire-card-bio\">\n                <p>Sono responsabile della filiale di Balduina e vanto oltre 30 anni di esperienza nel settore.<br \/>\nAccompagno ogni paziente con professionalit\u00e0 in un percorso che ha un obiettivo chiaro: ritrovare il piacere dei suoni e migliorare la qualit\u00e0 della vita.<\/p>\n              <\/div>\n              <!-- <div class=\"audire-card-footer\">\n                <a href=\"#prenota\" class=\"audire-card-cta\">Prenota visita \u2192<\/a>\n              <\/div> -->\n            <\/div>\n          <\/div>\n                  <div class=\"audire-team-card\">\n            <!-- Cover a piena larghezza, tocca i bordi superiori della card -->\n                        <div class=\"audire-card-cover-wrap\">\n              <img loading=\"lazy\" decoding=\"async\" width=\"520\" height=\"413\" src=\"https:\/\/staging.crmcosmo.com\/audire\/wp-content\/uploads\/2026\/07\/Schermata-del-2026-07-08-10-04-16.png\" class=\"img-fluid\" alt=\"\" srcset=\"https:\/\/staging.crmcosmo.com\/audire\/wp-content\/uploads\/2026\/07\/Schermata-del-2026-07-08-10-04-16.png 520w, https:\/\/staging.crmcosmo.com\/audire\/wp-content\/uploads\/2026\/07\/Schermata-del-2026-07-08-10-04-16-300x238.png 300w\" sizes=\"auto, (max-width: 520px) 100vw, 520px\" \/>            <\/div>\n                        <!-- Contenuto con padding -->\n            <div class=\"audire-card-body\">\n              <div class=\"audire-card-top\">\n                <span class=\"audire-card-location\">\ud83d\udccd Ostia<\/span>\n                <span class=\"audire-card-role\">Audioprotesista Responsabile<\/span>\n              <\/div>\n              <h4 class=\"audire-card-name\">Andrea Longo<\/h4>\n              <div class=\"audire-card-bio\">\n                <p>Come responsabile della filiale di Ostia, metto ogni giorno competenza ed esperienza al servizio dei pazienti.<br \/>\nAttraverso un percorso di valutazione e adattamento personalizzato, aiuto ogni persona a scegliere la soluzione acustica pi\u00f9 adatta alle proprie esigenze.<\/p>\n              <\/div>\n              <!-- <div class=\"audire-card-footer\">\n                <a href=\"#prenota\" class=\"audire-card-cta\">Prenota visita \u2192<\/a>\n              <\/div> -->\n            <\/div>\n          <\/div>\n                  <div class=\"audire-team-card\">\n            <!-- Cover a piena larghezza, tocca i bordi superiori della card -->\n                        <div class=\"audire-card-cover-wrap\">\n              <img loading=\"lazy\" decoding=\"async\" width=\"693\" height=\"513\" src=\"https:\/\/staging.crmcosmo.com\/audire\/wp-content\/uploads\/2026\/07\/Schermata-del-2026-07-08-10-03-08.png\" class=\"img-fluid\" alt=\"\" srcset=\"https:\/\/staging.crmcosmo.com\/audire\/wp-content\/uploads\/2026\/07\/Schermata-del-2026-07-08-10-03-08.png 693w, https:\/\/staging.crmcosmo.com\/audire\/wp-content\/uploads\/2026\/07\/Schermata-del-2026-07-08-10-03-08-300x222.png 300w\" sizes=\"auto, (max-width: 693px) 100vw, 693px\" \/>            <\/div>\n                        <!-- Contenuto con padding -->\n            <div class=\"audire-card-body\">\n              <div class=\"audire-card-top\">\n                <span class=\"audire-card-location\">\ud83d\udccd Ostia<\/span>\n                <span class=\"audire-card-role\">Relazioni Esterne<\/span>\n              <\/div>\n              <h4 class=\"audire-card-name\">Alessia Schembri<\/h4>\n              <div class=\"audire-card-bio\">\n                <p>Promuovo con passione la cultura del benessere uditivo e accompagno le persone in un percorso di consapevolezza sull\u2019importanza dell\u2019udito a tutte le et\u00e0.<br \/>\nIl mio ruolo \u00e8 accogliere, informare e supportare ogni paziente passo dopo passo.<\/p>\n              <\/div>\n              <!-- <div class=\"audire-card-footer\">\n                <a href=\"#prenota\" class=\"audire-card-cta\">Prenota visita \u2192<\/a>\n              <\/div> -->\n            <\/div>\n          <\/div>\n                  <div class=\"audire-team-card\">\n            <!-- Cover a piena larghezza, tocca i bordi superiori della card -->\n                        <div class=\"audire-card-cover-wrap\">\n              <img loading=\"lazy\" decoding=\"async\" width=\"693\" height=\"513\" src=\"https:\/\/staging.crmcosmo.com\/audire\/wp-content\/uploads\/2026\/07\/Schermata-del-2026-07-08-10-03-46.png\" class=\"img-fluid\" alt=\"\" srcset=\"https:\/\/staging.crmcosmo.com\/audire\/wp-content\/uploads\/2026\/07\/Schermata-del-2026-07-08-10-03-46.png 693w, https:\/\/staging.crmcosmo.com\/audire\/wp-content\/uploads\/2026\/07\/Schermata-del-2026-07-08-10-03-46-300x222.png 300w\" sizes=\"auto, (max-width: 693px) 100vw, 693px\" \/>            <\/div>\n                        <!-- Contenuto con padding -->\n            <div class=\"audire-card-body\">\n              <div class=\"audire-card-top\">\n                <span class=\"audire-card-location\">\ud83d\udccd Ostia<\/span>\n                <span class=\"audire-card-role\">Accoglienza<\/span>\n              <\/div>\n              <h4 class=\"audire-card-name\">Silvia De Cesare<\/h4>\n              <div class=\"audire-card-bio\">\n                <p><span style=\"font-weight: 400;\">Sono il primo punto di contatto per i pazienti della filiale di Ostia.<\/span><\/p>\n<p><span style=\"font-weight: 400;\">Mi occupo dell\u2019accoglienza e della gestione degli appuntamenti, con l\u2019obiettivo di offrire un\u2019esperienza semplice, organizzata e attenta alle esigenze di ciascuno.<\/span><\/p>\n              <\/div>\n              <!-- <div class=\"audire-card-footer\">\n                <a href=\"#prenota\" class=\"audire-card-cta\">Prenota visita \u2192<\/a>\n              <\/div> -->\n            <\/div>\n          <\/div>\n                  <div class=\"audire-team-card\">\n            <!-- Cover a piena larghezza, tocca i bordi superiori della card -->\n                        <div class=\"audire-card-cover-wrap\">\n              <img loading=\"lazy\" decoding=\"async\" width=\"607\" height=\"401\" src=\"https:\/\/staging.crmcosmo.com\/audire\/wp-content\/uploads\/2026\/08\/Schermata-del-2026-07-07-16-47-12.png\" class=\"img-fluid\" alt=\"\" srcset=\"https:\/\/staging.crmcosmo.com\/audire\/wp-content\/uploads\/2026\/08\/Schermata-del-2026-07-07-16-47-12.png 607w, https:\/\/staging.crmcosmo.com\/audire\/wp-content\/uploads\/2026\/08\/Schermata-del-2026-07-07-16-47-12-300x198.png 300w\" sizes=\"auto, (max-width: 607px) 100vw, 607px\" \/>            <\/div>\n                        <!-- Contenuto con padding -->\n            <div class=\"audire-card-body\">\n              <div class=\"audire-card-top\">\n                <span class=\"audire-card-location\">\ud83d\udccd Sabaudia<\/span>\n                <span class=\"audire-card-role\">Audioprotesista Responsabile<\/span>\n              <\/div>\n              <h4 class=\"audire-card-name\">Enrico Genco<\/h4>\n              <div class=\"audire-card-bio\">\n                <p>Sono responsabile della filiale di Sabaudia e mi occupo del benessere uditivo dei pazienti del territorio, seguendo anche le aree di Colleferro, Frosinone, Anzio e il litorale sud di Roma.<br \/>\nIl mio impegno \u00e8 offrire soluzioni efficaci e personalizzate, sempre vicine alle esigenze delle persone.<\/p>\n              <\/div>\n              <!-- <div class=\"audire-card-footer\">\n                <a href=\"#prenota\" class=\"audire-card-cta\">Prenota visita \u2192<\/a>\n              <\/div> -->\n            <\/div>\n          <\/div>\n                  <div class=\"audire-team-card\">\n            <!-- Cover a piena larghezza, tocca i bordi superiori della card -->\n                        <div class=\"audire-card-cover-wrap\">\n              <img loading=\"lazy\" decoding=\"async\" width=\"622\" height=\"439\" src=\"https:\/\/staging.crmcosmo.com\/audire\/wp-content\/uploads\/2026\/07\/Schermata-del-2026-07-08-10-04-38.png\" class=\"img-fluid\" alt=\"\" srcset=\"https:\/\/staging.crmcosmo.com\/audire\/wp-content\/uploads\/2026\/07\/Schermata-del-2026-07-08-10-04-38.png 622w, https:\/\/staging.crmcosmo.com\/audire\/wp-content\/uploads\/2026\/07\/Schermata-del-2026-07-08-10-04-38-300x212.png 300w\" sizes=\"auto, (max-width: 622px) 100vw, 622px\" \/>            <\/div>\n                        <!-- Contenuto con padding -->\n            <div class=\"audire-card-body\">\n              <div class=\"audire-card-top\">\n                <span class=\"audire-card-location\">\ud83d\udccd Sabaudia e Colleferro<\/span>\n                <span class=\"audire-card-role\">Relazioni Esterne<\/span>\n              <\/div>\n              <h4 class=\"audire-card-name\">Ilenia Ruscito<\/h4>\n              <div class=\"audire-card-bio\">\n                <p>Seguo le relazioni esterne per le filiali di Sabaudia e Colleferro, costruendo ogni giorno un rapporto di fiducia con i pazienti e con la classe medica del territorio.<br \/>\nEmpatia e attenzione sono alla base del mio lavoro.<\/p>\n              <\/div>\n              <!-- <div class=\"audire-card-footer\">\n                <a href=\"#prenota\" class=\"audire-card-cta\">Prenota visita \u2192<\/a>\n              <\/div> -->\n            <\/div>\n          <\/div>\n                  <div class=\"audire-team-card\">\n            <!-- Cover a piena larghezza, tocca i bordi superiori della card -->\n                        <div class=\"audire-card-cover-wrap\">\n              <img loading=\"lazy\" decoding=\"async\" width=\"622\" height=\"439\" src=\"https:\/\/staging.crmcosmo.com\/audire\/wp-content\/uploads\/2026\/07\/Schermata-del-2026-07-08-10-04-59.png\" class=\"img-fluid\" alt=\"\" srcset=\"https:\/\/staging.crmcosmo.com\/audire\/wp-content\/uploads\/2026\/07\/Schermata-del-2026-07-08-10-04-59.png 622w, https:\/\/staging.crmcosmo.com\/audire\/wp-content\/uploads\/2026\/07\/Schermata-del-2026-07-08-10-04-59-300x212.png 300w\" sizes=\"auto, (max-width: 622px) 100vw, 622px\" \/>            <\/div>\n                        <!-- Contenuto con padding -->\n            <div class=\"audire-card-body\">\n              <div class=\"audire-card-top\">\n                <span class=\"audire-card-location\">\ud83d\udccd Colleferro<\/span>\n                <span class=\"audire-card-role\">Relazioni Esterne<\/span>\n              <\/div>\n              <h4 class=\"audire-card-name\">Vanila Salvato<\/h4>\n              <div class=\"audire-card-bio\">\n                <p>Mi occupo della gestione degli appuntamenti e dell\u2019organizzazione dell\u2019agenda degli audioprotesisti.<br \/>\nAmo il contatto con le persone e mi impegno a comprendere le loro esigenze per offrire un servizio efficiente e accogliente.<\/p>\n              <\/div>\n              <!-- <div class=\"audire-card-footer\">\n                <a href=\"#prenota\" class=\"audire-card-cta\">Prenota visita \u2192<\/a>\n              <\/div> -->\n            <\/div>\n          <\/div>\n              <\/div>\n    <\/div>\n  <\/div>\n<\/section>","protected":false},"excerpt":{"rendered":"","protected":false},"author":1,"featured_media":0,"parent":0,"menu_order":0,"comment_status":"closed","ping_status":"closed","template":"","meta":{"_acf_changed":false,"footnotes":""},"class_list":["post-711","page","type-page","status-publish","hentry"],"acf":[],"yoast_head":"<!-- This site is optimized with the Yoast SEO plugin v24.6 - https:\/\/yoast.com\/wordpress\/plugins\/seo\/ -->\n<title>Chi Siamo - Cosmo Audiology Page<\/title>\n<meta name=\"robots\" content=\"noindex, follow, max-snippet:-1, max-image-preview:large, max-video-preview:-1\" \/>\n<meta property=\"og:locale\" content=\"it_IT\" \/>\n<meta property=\"og:type\" content=\"article\" \/>\n<meta property=\"og:title\" content=\"Chi Siamo - Cosmo Audiology Page\" \/>\n<meta property=\"og:url\" content=\"https:\/\/staging.crmcosmo.com\/audire\/chi-siamo\/\" \/>\n<meta property=\"og:site_name\" content=\"Cosmo Audiology Page\" \/>\n<meta property=\"article:modified_time\" content=\"2026-08-13T11:59:44+00:00\" \/>\n<meta name=\"twitter:card\" content=\"summary_large_image\" \/>\n<script type=\"application\/ld+json\" class=\"yoast-schema-graph\">{\"@context\":\"https:\/\/schema.org\",\"@graph\":[{\"@type\":\"WebPage\",\"@id\":\"https:\/\/staging.crmcosmo.com\/audire\/chi-siamo\/\",\"url\":\"https:\/\/staging.crmcosmo.com\/audire\/chi-siamo\/\",\"name\":\"Chi Siamo - Cosmo Audiology Page\",\"isPartOf\":{\"@id\":\"https:\/\/staging.crmcosmo.com\/audire\/#website\"},\"datePublished\":\"2026-07-07T09:52:42+00:00\",\"dateModified\":\"2026-08-13T11:59:44+00:00\",\"breadcrumb\":{\"@id\":\"https:\/\/staging.crmcosmo.com\/audire\/chi-siamo\/#breadcrumb\"},\"inLanguage\":\"it-IT\",\"potentialAction\":[{\"@type\":\"ReadAction\",\"target\":[\"https:\/\/staging.crmcosmo.com\/audire\/chi-siamo\/\"]}]},{\"@type\":\"BreadcrumbList\",\"@id\":\"https:\/\/staging.crmcosmo.com\/audire\/chi-siamo\/#breadcrumb\",\"itemListElement\":[{\"@type\":\"ListItem\",\"position\":1,\"name\":\"Home\",\"item\":\"https:\/\/staging.crmcosmo.com\/audire\/\"},{\"@type\":\"ListItem\",\"position\":2,\"name\":\"Chi Siamo\"}]},{\"@type\":\"WebSite\",\"@id\":\"https:\/\/staging.crmcosmo.com\/audire\/#website\",\"url\":\"https:\/\/staging.crmcosmo.com\/audire\/\",\"name\":\"Cosmo Audiology Page\",\"description\":\"\",\"potentialAction\":[{\"@type\":\"SearchAction\",\"target\":{\"@type\":\"EntryPoint\",\"urlTemplate\":\"https:\/\/staging.crmcosmo.com\/audire\/?s={search_term_string}\"},\"query-input\":{\"@type\":\"PropertyValueSpecification\",\"valueRequired\":true,\"valueName\":\"search_term_string\"}}],\"inLanguage\":\"it-IT\"}]}<\/script>\n<!-- \/ Yoast SEO plugin. -->","yoast_head_json":{"title":"Chi Siamo - Cosmo Audiology Page","robots":{"index":"noindex","follow":"follow","max-snippet":"max-snippet:-1","max-image-preview":"max-image-preview:large","max-video-preview":"max-video-preview:-1"},"og_locale":"it_IT","og_type":"article","og_title":"Chi Siamo - Cosmo Audiology Page","og_url":"https:\/\/staging.crmcosmo.com\/audire\/chi-siamo\/","og_site_name":"Cosmo Audiology Page","article_modified_time":"2026-08-13T11:59:44+00:00","twitter_card":"summary_large_image","schema":{"@context":"https:\/\/schema.org","@graph":[{"@type":"WebPage","@id":"https:\/\/staging.crmcosmo.com\/audire\/chi-siamo\/","url":"https:\/\/staging.crmcosmo.com\/audire\/chi-siamo\/","name":"Chi Siamo - Cosmo Audiology Page","isPartOf":{"@id":"https:\/\/staging.crmcosmo.com\/audire\/#website"},"datePublished":"2026-07-07T09:52:42+00:00","dateModified":"2026-08-13T11:59:44+00:00","breadcrumb":{"@id":"https:\/\/staging.crmcosmo.com\/audire\/chi-siamo\/#breadcrumb"},"inLanguage":"it-IT","potentialAction":[{"@type":"ReadAction","target":["https:\/\/staging.crmcosmo.com\/audire\/chi-siamo\/"]}]},{"@type":"BreadcrumbList","@id":"https:\/\/staging.crmcosmo.com\/audire\/chi-siamo\/#breadcrumb","itemListElement":[{"@type":"ListItem","position":1,"name":"Home","item":"https:\/\/staging.crmcosmo.com\/audire\/"},{"@type":"ListItem","position":2,"name":"Chi Siamo"}]},{"@type":"WebSite","@id":"https:\/\/staging.crmcosmo.com\/audire\/#website","url":"https:\/\/staging.crmcosmo.com\/audire\/","name":"Cosmo Audiology Page","description":"","potentialAction":[{"@type":"SearchAction","target":{"@type":"EntryPoint","urlTemplate":"https:\/\/staging.crmcosmo.com\/audire\/?s={search_term_string}"},"query-input":{"@type":"PropertyValueSpecification","valueRequired":true,"valueName":"search_term_string"}}],"inLanguage":"it-IT"}]}},"_links":{"self":[{"href":"https:\/\/staging.crmcosmo.com\/audire\/wp-json\/wp\/v2\/pages\/711","targetHints":{"allow":["GET"]}}],"collection":[{"href":"https:\/\/staging.crmcosmo.com\/audire\/wp-json\/wp\/v2\/pages"}],"about":[{"href":"https:\/\/staging.crmcosmo.com\/audire\/wp-json\/wp\/v2\/types\/page"}],"author":[{"embeddable":true,"href":"https:\/\/staging.crmcosmo.com\/audire\/wp-json\/wp\/v2\/users\/1"}],"replies":[{"embeddable":true,"href":"https:\/\/staging.crmcosmo.com\/audire\/wp-json\/wp\/v2\/comments?post=711"}],"version-history":[{"count":23,"href":"https:\/\/staging.crmcosmo.com\/audire\/wp-json\/wp\/v2\/pages\/711\/revisions"}],"predecessor-version":[{"id":898,"href":"https:\/\/staging.crmcosmo.com\/audire\/wp-json\/wp\/v2\/pages\/711\/revisions\/898"}],"wp:attachment":[{"href":"https:\/\/staging.crmcosmo.com\/audire\/wp-json\/wp\/v2\/media?parent=711"}],"curies":[{"name":"wp","href":"https:\/\/api.w.org\/{rel}","templated":true}]}}